{"id":4142,"date":"2024-08-07T11:44:00","date_gmt":"2024-08-07T14:44:00","guid":{"rendered":"https:\/\/araujopolicastro.com.br\/eventos\/aconcarf-on-the-road-in-sao-paulo\/"},"modified":"2024-10-25T12:30:33","modified_gmt":"2024-10-25T15:30:33","slug":"aconcarf-on-the-road-in-sao-paulo","status":"publish","type":"eventos","link":"https:\/\/araujopolicastro.com.br\/en\/eventos\/aconcarf-on-the-road-in-sao-paulo\/","title":{"rendered":"ACONCARF ON THE ROAD IN S\u00c3O PAULO"},"content":{"rendered":"\n<p>On August 1st and 2nd, our Tax lawyers, Fernanda Botinha Nascimento and Maria Carolina Torres, took part in the event ACONCARF ITINERANTE | S\u00e3o Paulo, organized by the Association of Counselors Representing Taxpayers at CARF (ACONCARF &#8211; Associa\u00e7\u00e3o dos Conselheiros Rep. dos Contribuintes no Conselho Administrativo de Recursos Fiscais) and held by the Brazilian Association of Financial Law (ABDF &#8211; Direito Financeiro).<\/p>\n\n<p>The event was held at the headquarters of the Pontifical Catholic University of S\u00e3o Paulo (PUC\/SP) and promoted two days of stimulating debates between counselors, prosecutors, lawyers and taxpayers on current tax issues, in a complete program that included 15 panel discussions and more than 90 speakers.<\/p>\n\n<p>Among the subjects covered:<\/p>\n\n<p>&#8211; Competence and functioning of CARF;<br\/>&#8211; Tax Administrative Proceedings and Evidence Law;<br\/>&#8211; Impacts of Tax Reform on CARF;<br\/>&#8211; Stability of CARF Jurisprudence and Legal Security;<br\/>&#8211; International Taxation;<br\/>&#8211; Tax Liability in CARF Jurisprudence, among other debates.<\/p>\n\n<p>Ara\u00fajo e Policastro Advogados congratulates ACONCARF &#8211; Associa\u00e7\u00e3o dos Conselheiros Rep. dos Contribuintes no Conselho Administrativo de Recursos Fiscais and ABDF Direito Financeiro for organizing the event, which brought leading tax lawyers closer to the Conselho Administrativo de Recursos Fiscais, which is essential for the continuous improvement of the tax system, the administrative process for reviewing tax assessments and relations between the tax authorities and taxpayers.<\/p>\n","protected":false},"featured_media":4097,"parent":0,"template":"","tipos":[669],"class_list":["post-4142","eventos","type-eventos","status-publish","has-post-thumbnail","hentry","tipos-congressos-e-seminarios-en-2"],"acf":[],"yoast_head":"<!-- This site is optimized with the Yoast SEO plugin v27.5 - https:\/\/yoast.com\/product\/yoast-seo-wordpress\/ -->\n<title>ACONCARF ON THE ROAD IN S\u00c3O PAULO - Ara\u00fajo e Policastro Advogados<\/title>\n<meta name=\"robots\" content=\"index, follow, max-snippet:-1, max-image-preview:large, max-video-preview:-1\" \/>\n<link rel=\"canonical\" href=\"https:\/\/araujopolicastro.com.br\/en\/eventos\/aconcarf-on-the-road-in-sao-paulo\/\" \/>\n<meta property=\"og:locale\" content=\"en_US\" \/>\n<meta property=\"og:type\" content=\"article\" \/>\n<meta property=\"og:title\" content=\"ACONCARF ON THE ROAD IN S\u00c3O PAULO - Ara\u00fajo e Policastro Advogados\" \/>\n<meta property=\"og:description\" content=\"On August 1st and 2nd, our Tax lawyers, Fernanda Botinha Nascimento and Maria Carolina Torres, took part in the event ACONCARF ITINERANTE | S\u00e3o Paulo, organized by the Association of Counselors Representing Taxpayers at CARF (ACONCARF &#8211; Associa\u00e7\u00e3o dos Conselheiros Rep. dos Contribuintes no Conselho Administrativo de Recursos Fiscais) and held by the Brazilian Association [&hellip;]\" \/>\n<meta property=\"og:url\" content=\"https:\/\/araujopolicastro.com.br\/en\/eventos\/aconcarf-on-the-road-in-sao-paulo\/\" \/>\n<meta property=\"og:site_name\" content=\"Ara\u00fajo e Policastro Advogados\" \/>\n<meta property=\"article:publisher\" content=\"https:\/\/www.facebook.com\/araujopolicastro\" \/>\n<meta property=\"article:modified_time\" content=\"2024-10-25T15:30:33+00:00\" \/>\n<meta property=\"og:image\" content=\"https:\/\/araujopolicastro.com.br\/wp-content\/uploads\/2024\/10\/MOLDE-FOTOS-AeP-1-1024x858.png\" \/>\n\t<meta property=\"og:image:width\" content=\"1024\" \/>\n\t<meta property=\"og:image:height\" content=\"858\" \/>\n\t<meta property=\"og:image:type\" content=\"image\/png\" \/>\n<meta name=\"twitter:card\" content=\"summary_large_image\" \/>\n<meta name=\"twitter:label1\" content=\"Est. reading time\" \/>\n\t<meta name=\"twitter:data1\" content=\"1 minute\" \/>\n<script type=\"application\/ld+json\" class=\"yoast-schema-graph\">{\"@context\":\"https:\\\/\\\/schema.org\",\"@graph\":[{\"@type\":\"WebPage\",\"@id\":\"https:\\\/\\\/araujopolicastro.com.br\\\/en\\\/eventos\\\/aconcarf-on-the-road-in-sao-paulo\\\/\",\"url\":\"https:\\\/\\\/araujopolicastro.com.br\\\/en\\\/eventos\\\/aconcarf-on-the-road-in-sao-paulo\\\/\",\"name\":\"ACONCARF ON THE ROAD IN S\u00c3O PAULO - Ara\u00fajo e Policastro Advogados\",\"isPartOf\":{\"@id\":\"https:\\\/\\\/araujopolicastro.com.br\\\/#website\"},\"primaryImageOfPage\":{\"@id\":\"https:\\\/\\\/araujopolicastro.com.br\\\/en\\\/eventos\\\/aconcarf-on-the-road-in-sao-paulo\\\/#primaryimage\"},\"image\":{\"@id\":\"https:\\\/\\\/araujopolicastro.com.br\\\/en\\\/eventos\\\/aconcarf-on-the-road-in-sao-paulo\\\/#primaryimage\"},\"thumbnailUrl\":\"https:\\\/\\\/araujopolicastro.com.br\\\/wp-content\\\/uploads\\\/2024\\\/10\\\/MOLDE-FOTOS-AeP-1.png\",\"datePublished\":\"2024-08-07T14:44:00+00:00\",\"dateModified\":\"2024-10-25T15:30:33+00:00\",\"breadcrumb\":{\"@id\":\"https:\\\/\\\/araujopolicastro.com.br\\\/en\\\/eventos\\\/aconcarf-on-the-road-in-sao-paulo\\\/#breadcrumb\"},\"inLanguage\":\"en-US\",\"potentialAction\":[{\"@type\":\"ReadAction\",\"target\":[\"https:\\\/\\\/araujopolicastro.com.br\\\/en\\\/eventos\\\/aconcarf-on-the-road-in-sao-paulo\\\/\"]}]},{\"@type\":\"ImageObject\",\"inLanguage\":\"en-US\",\"@id\":\"https:\\\/\\\/araujopolicastro.com.br\\\/en\\\/eventos\\\/aconcarf-on-the-road-in-sao-paulo\\\/#primaryimage\",\"url\":\"https:\\\/\\\/araujopolicastro.com.br\\\/wp-content\\\/uploads\\\/2024\\\/10\\\/MOLDE-FOTOS-AeP-1.png\",\"contentUrl\":\"https:\\\/\\\/araujopolicastro.com.br\\\/wp-content\\\/uploads\\\/2024\\\/10\\\/MOLDE-FOTOS-AeP-1.png\",\"width\":1880,\"height\":1576},{\"@type\":\"BreadcrumbList\",\"@id\":\"https:\\\/\\\/araujopolicastro.com.br\\\/en\\\/eventos\\\/aconcarf-on-the-road-in-sao-paulo\\\/#breadcrumb\",\"itemListElement\":[{\"@type\":\"ListItem\",\"position\":1,\"name\":\"In\u00edcio\",\"item\":\"https:\\\/\\\/araujopolicastro.com.br\\\/\"},{\"@type\":\"ListItem\",\"position\":2,\"name\":\"Eventos\",\"item\":\"https:\\\/\\\/araujopolicastro.com.br\\\/eventos\\\/\"},{\"@type\":\"ListItem\",\"position\":3,\"name\":\"ACONCARF ON THE ROAD IN S\u00c3O PAULO\"}]},{\"@type\":\"WebSite\",\"@id\":\"https:\\\/\\\/araujopolicastro.com.br\\\/#website\",\"url\":\"https:\\\/\\\/araujopolicastro.com.br\\\/\",\"name\":\"Ara\u00fajo e Policastro Advogados\",\"description\":\"\u00c9 um dos mais conceituados escrit\u00f3rios de advocacia do Brasil, especializado em direito empresarial e internacional, com ampla experi\u00eancia e excel\u00eancia.\",\"publisher\":{\"@id\":\"https:\\\/\\\/araujopolicastro.com.br\\\/#organization\"},\"potentialAction\":[{\"@type\":\"SearchAction\",\"target\":{\"@type\":\"EntryPoint\",\"urlTemplate\":\"https:\\\/\\\/araujopolicastro.com.br\\\/?s={search_term_string}\"},\"query-input\":{\"@type\":\"PropertyValueSpecification\",\"valueRequired\":true,\"valueName\":\"search_term_string\"}}],\"inLanguage\":\"en-US\"},{\"@type\":\"Organization\",\"@id\":\"https:\\\/\\\/araujopolicastro.com.br\\\/#organization\",\"name\":\"Ara\u00fajo e Policastro Advogados\",\"url\":\"https:\\\/\\\/araujopolicastro.com.br\\\/\",\"logo\":{\"@type\":\"ImageObject\",\"inLanguage\":\"en-US\",\"@id\":\"https:\\\/\\\/araujopolicastro.com.br\\\/#\\\/schema\\\/logo\\\/image\\\/\",\"url\":\"https:\\\/\\\/araujopolicastro.com.br\\\/wp-content\\\/uploads\\\/2024\\\/07\\\/araujo-policastro-1.png\",\"contentUrl\":\"https:\\\/\\\/araujopolicastro.com.br\\\/wp-content\\\/uploads\\\/2024\\\/07\\\/araujo-policastro-1.png\",\"width\":435,\"height\":53,\"caption\":\"Ara\u00fajo e Policastro Advogados\"},\"image\":{\"@id\":\"https:\\\/\\\/araujopolicastro.com.br\\\/#\\\/schema\\\/logo\\\/image\\\/\"},\"sameAs\":[\"https:\\\/\\\/www.facebook.com\\\/araujopolicastro\",\"https:\\\/\\\/www.instagram.com\\\/araujoepolicastroadv\\\/\"]}]}<\/script>\n<!-- \/ Yoast SEO plugin. -->","yoast_head_json":{"title":"ACONCARF ON THE ROAD IN S\u00c3O PAULO - Ara\u00fajo e Policastro Advogados","robots":{"index":"index","follow":"follow","max-snippet":"max-snippet:-1","max-image-preview":"max-image-preview:large","max-video-preview":"max-video-preview:-1"},"canonical":"https:\/\/araujopolicastro.com.br\/en\/eventos\/aconcarf-on-the-road-in-sao-paulo\/","og_locale":"en_US","og_type":"article","og_title":"ACONCARF ON THE ROAD IN S\u00c3O PAULO - Ara\u00fajo e Policastro Advogados","og_description":"On August 1st and 2nd, our Tax lawyers, Fernanda Botinha Nascimento and Maria Carolina Torres, took part in the event ACONCARF ITINERANTE | S\u00e3o Paulo, organized by the Association of Counselors Representing Taxpayers at CARF (ACONCARF &#8211; Associa\u00e7\u00e3o dos Conselheiros Rep. dos Contribuintes no Conselho Administrativo de Recursos Fiscais) and held by the Brazilian Association [&hellip;]","og_url":"https:\/\/araujopolicastro.com.br\/en\/eventos\/aconcarf-on-the-road-in-sao-paulo\/","og_site_name":"Ara\u00fajo e Policastro Advogados","article_publisher":"https:\/\/www.facebook.com\/araujopolicastro","article_modified_time":"2024-10-25T15:30:33+00:00","og_image":[{"width":1024,"height":858,"url":"https:\/\/araujopolicastro.com.br\/wp-content\/uploads\/2024\/10\/MOLDE-FOTOS-AeP-1-1024x858.png","type":"image\/png"}],"twitter_card":"summary_large_image","twitter_misc":{"Est. reading time":"1 minute"},"schema":{"@context":"https:\/\/schema.org","@graph":[{"@type":"WebPage","@id":"https:\/\/araujopolicastro.com.br\/en\/eventos\/aconcarf-on-the-road-in-sao-paulo\/","url":"https:\/\/araujopolicastro.com.br\/en\/eventos\/aconcarf-on-the-road-in-sao-paulo\/","name":"ACONCARF ON THE ROAD IN S\u00c3O PAULO - Ara\u00fajo e Policastro Advogados","isPartOf":{"@id":"https:\/\/araujopolicastro.com.br\/#website"},"primaryImageOfPage":{"@id":"https:\/\/araujopolicastro.com.br\/en\/eventos\/aconcarf-on-the-road-in-sao-paulo\/#primaryimage"},"image":{"@id":"https:\/\/araujopolicastro.com.br\/en\/eventos\/aconcarf-on-the-road-in-sao-paulo\/#primaryimage"},"thumbnailUrl":"https:\/\/araujopolicastro.com.br\/wp-content\/uploads\/2024\/10\/MOLDE-FOTOS-AeP-1.png","datePublished":"2024-08-07T14:44:00+00:00","dateModified":"2024-10-25T15:30:33+00:00","breadcrumb":{"@id":"https:\/\/araujopolicastro.com.br\/en\/eventos\/aconcarf-on-the-road-in-sao-paulo\/#breadcrumb"},"inLanguage":"en-US","potentialAction":[{"@type":"ReadAction","target":["https:\/\/araujopolicastro.com.br\/en\/eventos\/aconcarf-on-the-road-in-sao-paulo\/"]}]},{"@type":"ImageObject","inLanguage":"en-US","@id":"https:\/\/araujopolicastro.com.br\/en\/eventos\/aconcarf-on-the-road-in-sao-paulo\/#primaryimage","url":"https:\/\/araujopolicastro.com.br\/wp-content\/uploads\/2024\/10\/MOLDE-FOTOS-AeP-1.png","contentUrl":"https:\/\/araujopolicastro.com.br\/wp-content\/uploads\/2024\/10\/MOLDE-FOTOS-AeP-1.png","width":1880,"height":1576},{"@type":"BreadcrumbList","@id":"https:\/\/araujopolicastro.com.br\/en\/eventos\/aconcarf-on-the-road-in-sao-paulo\/#breadcrumb","itemListElement":[{"@type":"ListItem","position":1,"name":"In\u00edcio","item":"https:\/\/araujopolicastro.com.br\/"},{"@type":"ListItem","position":2,"name":"Eventos","item":"https:\/\/araujopolicastro.com.br\/eventos\/"},{"@type":"ListItem","position":3,"name":"ACONCARF ON THE ROAD IN S\u00c3O PAULO"}]},{"@type":"WebSite","@id":"https:\/\/araujopolicastro.com.br\/#website","url":"https:\/\/araujopolicastro.com.br\/","name":"Ara\u00fajo e Policastro Advogados","description":"\u00c9 um dos mais conceituados escrit\u00f3rios de advocacia do Brasil, especializado em direito empresarial e internacional, com ampla experi\u00eancia e excel\u00eancia.","publisher":{"@id":"https:\/\/araujopolicastro.com.br\/#organization"},"potentialAction":[{"@type":"SearchAction","target":{"@type":"EntryPoint","urlTemplate":"https:\/\/araujopolicastro.com.br\/?s={search_term_string}"},"query-input":{"@type":"PropertyValueSpecification","valueRequired":true,"valueName":"search_term_string"}}],"inLanguage":"en-US"},{"@type":"Organization","@id":"https:\/\/araujopolicastro.com.br\/#organization","name":"Ara\u00fajo e Policastro Advogados","url":"https:\/\/araujopolicastro.com.br\/","logo":{"@type":"ImageObject","inLanguage":"en-US","@id":"https:\/\/araujopolicastro.com.br\/#\/schema\/logo\/image\/","url":"https:\/\/araujopolicastro.com.br\/wp-content\/uploads\/2024\/07\/araujo-policastro-1.png","contentUrl":"https:\/\/araujopolicastro.com.br\/wp-content\/uploads\/2024\/07\/araujo-policastro-1.png","width":435,"height":53,"caption":"Ara\u00fajo e Policastro Advogados"},"image":{"@id":"https:\/\/araujopolicastro.com.br\/#\/schema\/logo\/image\/"},"sameAs":["https:\/\/www.facebook.com\/araujopolicastro","https:\/\/www.instagram.com\/araujoepolicastroadv\/"]}]}},"_links":{"self":[{"href":"https:\/\/araujopolicastro.com.br\/en\/wp-json\/wp\/v2\/eventos\/4142","targetHints":{"allow":["GET"]}}],"collection":[{"href":"https:\/\/araujopolicastro.com.br\/en\/wp-json\/wp\/v2\/eventos"}],"about":[{"href":"https:\/\/araujopolicastro.com.br\/en\/wp-json\/wp\/v2\/types\/eventos"}],"version-history":[{"count":1,"href":"https:\/\/araujopolicastro.com.br\/en\/wp-json\/wp\/v2\/eventos\/4142\/revisions"}],"predecessor-version":[{"id":4144,"href":"https:\/\/araujopolicastro.com.br\/en\/wp-json\/wp\/v2\/eventos\/4142\/revisions\/4144"}],"wp:featuredmedia":[{"embeddable":true,"href":"https:\/\/araujopolicastro.com.br\/en\/wp-json\/wp\/v2\/media\/4097"}],"wp:attachment":[{"href":"https:\/\/araujopolicastro.com.br\/en\/wp-json\/wp\/v2\/media?parent=4142"}],"wp:term":[{"taxonomy":"tipos","embeddable":true,"href":"https:\/\/araujopolicastro.com.br\/en\/wp-json\/wp\/v2\/tipos?post=4142"}],"curies":[{"name":"wp","href":"https:\/\/api.w.org\/{rel}","templated":true}]}}